{"id":732,"date":"2020-03-09T17:42:44","date_gmt":"2020-03-09T20:42:44","guid":{"rendered":"https:\/\/colmed1.org.ar\/wp2\/?page_id=732"},"modified":"2026-03-12T15:10:50","modified_gmt":"2026-03-12T18:10:50","slug":"comisiones","status":"publish","type":"page","link":"https:\/\/colmed1.org.ar\/web\/index.php\/comisiones\/","title":{"rendered":"COMISIONES"},"content":{"rendered":"<p>[et_pb_section fb_built=\u00bb1&#8243; custom_padding_last_edited=\u00bbon|phone\u00bb _builder_version=\u00bb4.16&#8243; background_color=\u00bbrgba(0,0,0,0)\u00bb custom_margin=\u00bb||||false|false\u00bb custom_margin_tablet=\u00bb\u00bb custom_margin_phone=\u00bb-69px||||false|false\u00bb custom_margin_last_edited=\u00bbon|phone\u00bb custom_padding=\u00bb0px|17px|||false|false\u00bb custom_padding_tablet=\u00bb\u00bb custom_padding_phone=\u00bb|0px|||false|false\u00bb da_disable_devices=\u00bboff|off|off\u00bb global_colors_info=\u00bb{}\u00bb da_is_popup=\u00bboff\u00bb da_exit_intent=\u00bboff\u00bb da_has_close=\u00bbon\u00bb da_alt_close=\u00bboff\u00bb da_dark_close=\u00bboff\u00bb da_not_modal=\u00bbon\u00bb da_is_singular=\u00bboff\u00bb da_with_loader=\u00bboff\u00bb da_has_shadow=\u00bbon\u00bb][et_pb_row column_structure=\u00bb3_4,1_4&#8243; use_custom_gutter=\u00bbon\u00bb gutter_width=\u00bb2&#8243; custom_padding_last_edited=\u00bbon|phone\u00bb _builder_version=\u00bb4.16&#8243; width=\u00bb100%\u00bb width_tablet=\u00bb\u00bb width_phone=\u00bb95%\u00bb width_last_edited=\u00bbon|phone\u00bb max_width=\u00bb100%\u00bb custom_margin=\u00bb-9px||||false|false\u00bb custom_margin_tablet=\u00bb\u00bb custom_margin_phone=\u00bb\u00bb custom_margin_last_edited=\u00bbon|desktop\u00bb custom_padding=\u00bb||5px|30px|false|false\u00bb custom_padding_tablet=\u00bb\u00bb custom_padding_phone=\u00bb0px|0px||0px|false|false\u00bb collapsed=\u00bboff\u00bb global_colors_info=\u00bb{}\u00bb][et_pb_column type=\u00bb3_4&#8243; _builder_version=\u00bb4.16&#8243; custom_padding_tablet=\u00bb\u00bb custom_padding_phone=\u00bb||||false|false\u00bb custom_padding_last_edited=\u00bbon|phone\u00bb global_colors_info=\u00bb{}\u00bb][et_pb_text _builder_version=\u00bb4.16&#8243; text_font_size=\u00bb24px\u00bb text_line_height=\u00bb1.9em\u00bb header_font=\u00bb|700|||||||\u00bb header_font_size=\u00bb36px\u00bb width=\u00bb97%\u00bb width_tablet=\u00bb\u00bb width_phone=\u00bb\u00bb width_last_edited=\u00bbon|desktop\u00bb module_alignment=\u00bbcenter\u00bb custom_margin=\u00bb37px||||false|false\u00bb custom_padding=\u00bb||||false|false\u00bb header_text_align_tablet=\u00bb\u00bb header_text_align_phone=\u00bbcenter\u00bb header_text_align_last_edited=\u00bbon|phone\u00bb header_font_size_tablet=\u00bb\u00bb header_font_size_phone=\u00bb\u00bb header_font_size_last_edited=\u00bbon|phone\u00bb text_orientation_tablet=\u00bb\u00bb text_orientation_phone=\u00bbcenter\u00bb text_orientation_last_edited=\u00bbon|phone\u00bb global_colors_info=\u00bb{}\u00bb]<\/p>\n<h1>Listado de Comisiones<\/h1>\n<p>[\/et_pb_text][et_pb_text _builder_version=\u00bb4.27.6&#8243; custom_margin=\u00bb|||17px||\u00bb hover_enabled=\u00bb0&#8243; global_colors_info=\u00bb{}\u00bb sticky_enabled=\u00bb0&#8243;]<\/p>\n<h3>Comisi\u00f3n de Especializaciones M\u00e9dicas<\/h3>\n<p><strong>LUNES, MI\u00c9RCOLES Y VIERNES:<\/strong> 13:00 a 15:00 hs.<br \/>\n<strong>MARTES Y JUEVES :<\/strong>\u00a0 9:00 a 12:00 hs.<\/p>\n<p>Int. 20<\/p>\n<table style=\"background-color: transparent; border: initial none initial;\">\n<tbody>\n<tr>\n<td>DR. ORLANDO CASTRO<\/td>\n<td style=\"text-align: center;\">DR. DANIEL BERGNA<\/td>\n<td style=\"text-align: right;\">DRA. ADELAIDA SORIA<\/td>\n<\/tr>\n<tr>\n<td>DR. PEDRO QUIETO<\/td>\n<td style=\"text-align: center;\">DR. CARLOS ECHEVERR\u00cdA<\/td>\n<td style=\"text-align: right;\">DRA. ALEJANDRA GROBLY<\/td>\n<\/tr>\n<tr>\n<td>DR. WALTER ANTONIO COLIANDRO<\/td>\n<td style=\"text-align: center;\"> <\/td>\n<td style=\"text-align: right;\"> <\/td>\n<\/tr>\n<\/tbody>\n<\/table>\n<p>[\/et_pb_text][et_pb_divider _builder_version=\u00bb4.16&#8243; custom_margin=\u00bb3px|||||\u00bb custom_padding=\u00bb0px|||||\u00bb border_color_all=\u00bb#ffffff\u00bb border_color_bottom=\u00bbrgba(255,255,255,0.23)\u00bb global_colors_info=\u00bb{}\u00bb][\/et_pb_divider][et_pb_text _builder_version=\u00bb4.16&#8243; custom_margin=\u00bb|||17px||\u00bb global_colors_info=\u00bb{}\u00bb]<\/p>\n<h3>Comit\u00e9 Cient\u00edfico<\/h3>\n<p><strong>MI\u00c9RCOLES Y VIERNES:\u00a0<\/strong>13:00 a 15:00 hs<\/p>\n<p>Int. 27\u00a0<\/p>\n<table style=\"border: none;\">\n<tbody>\n<tr>\n<td style=\"text-align: left;\">DR. JULIO CESAR ARELLANO<\/td>\n<td style=\"text-align: center;\">DRA. FLORENCIA HORTEL<\/td>\n<td style=\"text-align: right;\">DRA. MAR\u00cdA CRISTINA LACANAU<\/td>\n<\/tr>\n<tr>\n<td style=\"text-align: left;\">DR. DANIEL ASSAD<\/td>\n<td style=\"text-align: center;\">DRA. FLORENCIA HORTEL<\/td>\n<td style=\"text-align: right;\">DRA. M. SOLEDAD MONTA\u00d1A<\/td>\n<\/tr>\n<tr>\n<td style=\"text-align: left;\">DRA. MAR\u00cdA SOLEDAD MONTA\u00d1A<\/td>\n<td style=\"text-align: center;\"><\/td>\n<td style=\"text-align: right;\"><\/td>\n<\/tr>\n<\/tbody>\n<\/table>\n<p>[\/et_pb_text][et_pb_divider _builder_version=\u00bb4.16&#8243; custom_margin=\u00bb3px|||||\u00bb custom_padding=\u00bb0px|||||\u00bb border_color_all=\u00bb#ffffff\u00bb border_color_bottom=\u00bbrgba(255,255,255,0.23)\u00bb global_colors_info=\u00bb{}\u00bb][\/et_pb_divider][et_pb_text _builder_version=\u00bb4.16&#8243; custom_margin=\u00bb|||17px||\u00bb global_colors_info=\u00bb{}\u00bb]<\/p>\n<h3>Comisi\u00f3n de Sumarios (\u00c9tica M\u00e9dica)<\/h3>\n<p><strong>MARTES:<\/strong>\u00a011:00 a 13:00 hs.<br \/><strong>MI\u00c9RCOLES Y VIERNES:<\/strong>\u00a011 a 15 hs.<\/p>\n<p>Int. 38\u00a0<\/p>\n<table style=\"border: none;\">\n<tbody>\n<tr>\n<td style=\"text-align: left;\">DRA. NILDA VALDEZ<\/td>\n<td style=\"text-align: center;\">DRA. SILVIA FEDERICI<\/td>\n<td style=\"text-align: right;\"><\/td>\n<\/tr>\n<tr>\n<td style=\"text-align: left;\">DR. EDUARDO REGUERA<\/td>\n<td style=\"text-align: center;\">DR. JORGE PORTILLO<\/td>\n<td style=\"text-align: right;\"><\/td>\n<\/tr>\n<\/tbody>\n<\/table>\n<p>[\/et_pb_text][et_pb_divider _builder_version=\u00bb4.16&#8243; custom_margin=\u00bb3px|||||\u00bb custom_padding=\u00bb0px|||||\u00bb border_color_all=\u00bb#ffffff\u00bb border_color_bottom=\u00bbrgba(255,255,255,0.23)\u00bb global_colors_info=\u00bb{}\u00bb][\/et_pb_divider][et_pb_text _builder_version=\u00bb4.24.0&#8243; custom_margin=\u00bb|||17px||\u00bb global_colors_info=\u00bb{}\u00bb]<\/p>\n<h3>Instructores Sumariantes<\/h3>\n<p><span style=\"font-size: 14px;\">Int. 36<br \/><\/span><\/p>\n<table style=\"border: none;\">\n<tbody>\n<tr>\n<td style=\"text-align: left;\">DR. HUGO PETRONE<\/td>\n<td style=\"text-align: center;\">DR. CARLOS ALVARADO TORRES<\/td>\n<td style=\"text-align: right;\"><\/td>\n<\/tr>\n<tr>\n<td style=\"text-align: left;\">DR. HERN\u00c1N CAROLO<\/td>\n<td style=\"text-align: center;\">DR. JONATAN MARECO<\/td>\n<td style=\"text-align: right;\"><\/td>\n<\/tr>\n<tr>\n<td style=\"text-align: left;\">DRA CRISTINA CORREA<\/td>\n<td style=\"text-align: center;\"><\/td>\n<td style=\"text-align: right;\"><\/td>\n<\/tr>\n<\/tbody>\n<\/table>\n<p>&nbsp;<\/p>\n<p>[\/et_pb_text][et_pb_divider _builder_version=\u00bb4.16&#8243; custom_margin=\u00bb3px|||||\u00bb custom_padding=\u00bb0px|||||\u00bb border_color_all=\u00bb#ffffff\u00bb border_color_bottom=\u00bbrgba(255,255,255,0.23)\u00bb global_colors_info=\u00bb{}\u00bb][\/et_pb_divider][et_pb_text _builder_version=\u00bb4.16&#8243; custom_margin=\u00bb|||17px||\u00bb global_colors_info=\u00bb{}\u00bb]<\/p>\n<h3>Subcomisi\u00f3n Centro de Mediaci\u00f3n<\/h3>\n<p><strong>Martes y Mi\u00e9rcoles<\/strong> de 14:00 a 17:00 hs<br \/>DESARROLLO Y MANEJO ADMINISTRATIVO DE LOS EXPTES.<\/p>\n<p>Int. 31\u00a0<\/p>\n<table style=\"border: none;\">\n<tbody>\n<tr>\n<td style=\"text-align: left;\">DRA. EUGENIA MARGARITA ALTAMIRANO<\/td>\n<td style=\"text-align: center;\">DR. DIEGO FABIANO<\/td>\n<td style=\"text-align: right;\">DRA LORENA LANNOO<\/td>\n<\/tr>\n<tr>\n<td style=\"text-align: left;\">DR. ARMANDO CLAUDIO CARDOSO<\/td>\n<td style=\"text-align: center;\">DR. GUILLERMO MARTIN OSCOS<\/td>\n<td style=\"text-align: right;\"><\/td>\n<\/tr>\n<\/tbody>\n<\/table>\n<p>[\/et_pb_text][et_pb_divider _builder_version=\u00bb4.16&#8243; custom_margin=\u00bb3px|||||\u00bb custom_padding=\u00bb0px|||||\u00bb border_color_all=\u00bb#ffffff\u00bb border_color_bottom=\u00bbrgba(255,255,255,0.23)\u00bb global_colors_info=\u00bb{}\u00bb][\/et_pb_divider][et_pb_text _builder_version=\u00bb4.24.0&#8243; custom_margin=\u00bb|||17px||\u00bb global_colors_info=\u00bb{}\u00bb]<\/p>\n<h3>Subcomisi\u00f3n de Residentes o Residencias M\u00e9dicas<\/h3>\n<p><b>&#8211; EN FORMACI\u00d3N &#8211;<\/b><\/p>\n<p>&nbsp;<\/p>\n<p>[\/et_pb_text][et_pb_divider _builder_version=\u00bb4.16&#8243; custom_margin=\u00bb3px|||||\u00bb custom_padding=\u00bb0px|||||\u00bb border_color_all=\u00bb#ffffff\u00bb border_color_bottom=\u00bbrgba(255,255,255,0.23)\u00bb global_colors_info=\u00bb{}\u00bb][\/et_pb_divider][et_pb_text _builder_version=\u00bb4.16&#8243; custom_margin=\u00bb|||17px||\u00bb global_colors_info=\u00bb{}\u00bb]<\/p>\n<h3>Subcomisi\u00f3n de Seguridad Social<\/h3>\n<p><strong>Mi\u00e9rcoles<\/strong> 14:00 a 16:00 hs. (Horario a confirmar)<\/p>\n<p>&nbsp;<\/p>\n<table style=\"border: none;\">\n<tbody>\n<tr>\n<td style=\"text-align: left;\">Dr. HERNANDEZ GONZALO DANIEL<\/td>\n<td style=\"text-align: center;\">Dr. MARTIARENA EDUARDO HECTOR<\/td>\n<td style=\"text-align: right;\">Dr. LOPETEGUI GUILLERMO ARIEL OSCAR<\/td>\n<\/tr>\n<tr>\n<td style=\"text-align: left;\">Dr. SOSA ABEL RICARDO<\/td>\n<td style=\"text-align: center;\"><\/td>\n<td style=\"text-align: right;\"><\/td>\n<\/tr>\n<\/tbody>\n<\/table>\n<p>[\/et_pb_text][et_pb_divider _builder_version=\u00bb4.16&#8243; custom_margin=\u00bb3px|||||\u00bb custom_padding=\u00bb0px|||||\u00bb border_color_all=\u00bb#ffffff\u00bb border_color_bottom=\u00bbrgba(255,255,255,0.23)\u00bb global_colors_info=\u00bb{}\u00bb][\/et_pb_divider][et_pb_text _builder_version=\u00bb4.24.0&#8243; custom_margin=\u00bb|||17px||\u00bb global_colors_info=\u00bb{}\u00bb]<\/p>\n<h3>Subcomisi\u00f3n de Trabajo M\u00e9dico Privado e Inspecci\u00f3n de Consultorios<\/h3>\n<p><strong>LUNES Y MI\u00c9RCOLES<\/strong> DE 14:00 A 16:00 hs.<\/p>\n<p>Int. 32\u00a0<\/p>\n<table style=\"border: none;\">\n<tbody>\n<tr>\n<td style=\"text-align: left;\">DR. RICARDO ERRERA<\/td>\n<td style=\"text-align: center;\">DRA. MIRTA CHACHARO<\/td>\n<td style=\"text-align: right;\">DR. GUILLERMO CRISCONIO<\/td>\n<\/tr>\n<tr>\n<td style=\"text-align: left;\">DR. ALEJANDRO ABBIATI<\/td>\n<td style=\"text-align: center;\">DR. GAST\u00d3N MURRAY<\/td>\n<td style=\"text-align: right;\">DRA. CAROLINA DI NARDO LUNA<\/td>\n<\/tr>\n<tr>\n<td style=\"text-align: left;\">DR. DAVID POGGIO<\/td>\n<td style=\"text-align: center;\">DR AUGUSTO GAILLARD<\/td>\n<td style=\"text-align: right;\">DRA. MARIANA CABRAL<\/td>\n<\/tr>\n<\/tbody>\n<\/table>\n<p>[\/et_pb_text][et_pb_divider _builder_version=\u00bb4.16&#8243; custom_margin=\u00bb3px|||||\u00bb custom_padding=\u00bb0px|||||\u00bb border_color_all=\u00bb#ffffff\u00bb border_color_bottom=\u00bbrgba(255,255,255,0.23)\u00bb global_colors_info=\u00bb{}\u00bb][\/et_pb_divider][et_pb_text _builder_version=\u00bb4.16&#8243; custom_margin=\u00bb|||17px||\u00bb global_colors_info=\u00bb{}\u00bb]<\/p>\n<h3>Subcomisi\u00f3n de Hospitales y Entidades P\u00fablicas<\/h3>\n<p><strong>Jueves:<\/strong> 13:00 a 15:00 hs.<strong><\/strong><\/p>\n<p><strong> <\/strong><\/p>\n<p><strong><\/strong><\/p>\n<p>Int. 32\u00a0<\/p>\n<table style=\"border: none;\">\n<tbody>\n<tr>\n<td style=\"text-align: left;\">DR. GUSTAVO RAMUZZI<\/td>\n<td style=\"text-align: center;\">DRA. ANDREA FABRIS<\/td>\n<td style=\"text-align: right;\">DR. CLAUDIO REVERTE<\/td>\n<\/tr>\n<tr>\n<td style=\"text-align: left;\">DRA. ESTER LAURA ROMERA<\/td>\n<td style=\"text-align: center;\">DR. CARLOS CAGLIARDI<\/td>\n<td style=\"text-align: right;\">DRA. GABRIELA SILVANI<\/td>\n<\/tr>\n<tr>\n<td style=\"text-align: left;\">DRA. CRISTINA CORREA<\/td>\n<td style=\"text-align: center;\">DR. JUAN ALVAREZ<\/td>\n<td style=\"text-align: right;\">DRA. ANALIA VELEZ<\/td>\n<\/tr>\n<tr>\n<td style=\"text-align: left;\">DRA. MARIA CRISTINA LACANAU<\/td>\n<td style=\"text-align: center;\"><\/td>\n<td style=\"text-align: right;\"><\/td>\n<\/tr>\n<\/tbody>\n<\/table>\n<p>Si es v\u00edctima de agresiones f\u00edsicas y\/o verbales complete la planilla que se adjunta y concurra al Colegio a entrevistarse con la Subcomisi\u00f3n de Hospitales.<\/p>\n<p>[\/et_pb_text][et_pb_button button_url=\u00bbhttps:\/\/colmed1.org.ar\/web\/wp-content\/uploads\/2021\/04\/Registro-de-Agresiones.pdf\u00bb button_text=\u00bbBajar planilla\u00bb button_alignment=\u00bbcenter\u00bb _builder_version=\u00bb4.23.1&#8243; custom_button=\u00bbon\u00bb button_icon=\u00bb&#x37;||divi||400&#8243; global_colors_info=\u00bb{}\u00bb][\/et_pb_button][et_pb_divider _builder_version=\u00bb4.16&#8243; custom_margin=\u00bb3px|||||\u00bb custom_padding=\u00bb0px|||||\u00bb border_color_all=\u00bb#ffffff\u00bb border_color_bottom=\u00bbrgba(255,255,255,0.23)\u00bb global_colors_info=\u00bb{}\u00bb][\/et_pb_divider][et_pb_text _builder_version=\u00bb4.16&#8243; custom_margin=\u00bb|||17px||\u00bb global_colors_info=\u00bb{}\u00bb]<\/p>\n<h3>Comisi\u00f3n de Inspectores y Habilitadores de Consultorios<\/h3>\n<p><strong>Martes y Jueves<\/strong> 13:00 a 15:00 hs.<br \/>(horarios a confirmar)<\/p>\n<p><strong>\u00a0<\/strong><\/p>\n<table style=\"border: none;\">\n<tbody>\n<tr>\n<td style=\"text-align: left;\">DR. JUAN PABLO COCOZZELLA (La Plata)<\/td>\n<td style=\"text-align: center;\">DR. CHRISTIAN CASTRO SIMONELLI (La Plata)<\/td>\n<td style=\"text-align: right;\">DR. JUAN CARLOS CECI (La Plata)<\/td>\n<\/tr>\n<tr>\n<td style=\"text-align: left;\">DRA. FLORENCIA HORTEL (Berisso)<\/td>\n<td style=\"text-align: center;\">DR. EDUARDO REGUERA (Punta Indio)<\/td>\n<td style=\"text-align: right;\">DR. JUAN MECHURA (San Vicente)<\/td>\n<\/tr>\n<tr>\n<td style=\"text-align: left;\">DR. DIEGO AROZAMENA (Ensenada)<\/td>\n<td style=\"text-align: center;\">DR. JULIO PONCE (Ensenada)<\/td>\n<td style=\"text-align: right;\">DR. HERNAN CAROLO (Cnel. Brandsen)<\/td>\n<\/tr>\n<tr>\n<td style=\"text-align: left;\">DR. SEBASTIAN LARA (Cnel. Brandsen)<\/td>\n<td style=\"text-align: center;\">DR. HECTOR BAUDINO (Magdalena)<\/td>\n<td style=\"text-align: right;\"><\/td>\n<\/tr>\n<\/tbody>\n<\/table>\n<p>[\/et_pb_text][et_pb_divider _builder_version=\u00bb4.16&#8243; custom_margin=\u00bb3px|||||\u00bb custom_padding=\u00bb0px|||||\u00bb border_color_all=\u00bb#ffffff\u00bb border_color_bottom=\u00bbrgba(255,255,255,0.23)\u00bb global_colors_info=\u00bb{}\u00bb][\/et_pb_divider][et_pb_text _builder_version=\u00bb4.16&#8243; custom_margin=\u00bb|||17px||\u00bb global_colors_info=\u00bb{}\u00bb]<\/p>\n<h3>Subcomision de Trauma y Cat\u00e1strofe y Emergencias.<\/h3>\n<p>\u00a0<strong>Viernes<\/strong> de 11:00 a 14:00 hs.<\/p>\n<p>&nbsp;<\/p>\n<table style=\"border: none;\">\n<tbody>\n<tr>\n<td style=\"text-align: left;\">DR. JORGE ORELLANA<\/td>\n<td style=\"text-align: center;\">DR. JULIO C. MORENO<\/td>\n<td style=\"text-align: right;\"><\/td>\n<\/tr>\n<tr>\n<td style=\"text-align: left;\">DR. RODOLFO REZEK Y LAURINO<\/td>\n<td style=\"text-align: center;\"><\/td>\n<td style=\"text-align: right;\"><\/td>\n<\/tr>\n<\/tbody>\n<\/table>\n<p>[\/et_pb_text][et_pb_divider _builder_version=\u00bb4.16&#8243; custom_margin=\u00bb3px|||||\u00bb custom_padding=\u00bb0px|||||\u00bb border_color_all=\u00bb#ffffff\u00bb border_color_bottom=\u00bbrgba(255,255,255,0.23)\u00bb global_colors_info=\u00bb{}\u00bb][\/et_pb_divider][et_pb_text _builder_version=\u00bb4.16&#8243; custom_margin=\u00bb|||17px||\u00bb global_colors_info=\u00bb{}\u00bb]<\/p>\n<h3>ESEM &#8211; Consejo Directivo<\/h3>\n<p><strong>Lunes<\/strong> de 13:00 a 15:00 hs.<\/p>\n<p>Int. 21\u00a0<\/p>\n<table style=\"border: none;\">\n<tbody>\n<tr>\n<td style=\"text-align: left;\">DR. OSCAR GALLINI<\/td>\n<td style=\"text-align: center;\">DRA. SILVIA FERRONI<\/td>\n<td style=\"text-align: right;\">DR. GONZALO HERNANDEZ<\/td>\n<\/tr>\n<tr>\n<td style=\"text-align: left;\">DR. RICARDO CAMPODONICO<\/td>\n<td style=\"text-align: center;\">DRA. LILIANA GOMEZ<\/td>\n<td style=\"text-align: right;\">DRA. ALICIA DE FALCO<\/td>\n<\/tr>\n<tr>\n<td style=\"text-align: left;\">DRA. ANALIA MYKIETIUK<\/td>\n<td style=\"text-align: center;\">DR. CARLOS SCAFFIDI<\/td>\n<td style=\"text-align: right;\"><\/td>\n<\/tr>\n<\/tbody>\n<\/table>\n<p>[\/et_pb_text][et_pb_divider _builder_version=\u00bb4.16&#8243; custom_margin=\u00bb3px|||||\u00bb custom_padding=\u00bb0px|||||\u00bb border_color_all=\u00bb#ffffff\u00bb border_color_bottom=\u00bbrgba(255,255,255,0.23)\u00bb global_colors_info=\u00bb{}\u00bb][\/et_pb_divider][et_pb_text _builder_version=\u00bb4.16&#8243; custom_margin=\u00bb|||17px||\u00bb global_colors_info=\u00bb{}\u00bb]<\/p>\n<h3>ESEM &#8211; Consejo de Administraci\u00f3n<\/h3>\n<p><strong>Lunes<\/strong> de 12:00 a 15:00 hs.<br \/><strong>Mi\u00e9rcoles<\/strong> de 13:00 a 15:00 hs.<\/p>\n<p>Int. 21\u00a0<\/p>\n<table style=\"border: none;\">\n<tbody>\n<tr>\n<td style=\"text-align: left; width: 194px;\">DR. OSCAR GALLINI<\/td>\n<td style=\"text-align: center; width: 192.984px;\">DRA. SILVIA FERRONI<\/td>\n<\/tr>\n<tr>\n<td style=\"text-align: left; width: 194px;\">DR. GONZALO HERN\u00c1NDEZ<\/td>\n<td style=\"text-align: center; width: 192.984px;\"><span style=\"text-align: left;\">DR. RICARDO CAMPOD\u00d3NICO<\/span><\/td>\n<\/tr>\n<\/tbody>\n<\/table>\n<p>[\/et_pb_text][et_pb_divider _builder_version=\u00bb4.16&#8243; custom_margin=\u00bb3px|||||\u00bb custom_padding=\u00bb0px|||||\u00bb border_color_all=\u00bb#ffffff\u00bb border_color_bottom=\u00bbrgba(255,255,255,0.23)\u00bb global_colors_info=\u00bb{}\u00bb][\/et_pb_divider][et_pb_text _builder_version=\u00bb4.24.0&#8243; custom_margin=\u00bb|||17px||\u00bb global_colors_info=\u00bb{}\u00bb]<\/p>\n<h3>ESEM &#8211; Consejo Acad\u00e9mico<\/h3>\n<p>&nbsp;<\/p>\n<table style=\"border: none;\">\n<tbody>\n<tr>\n<td style=\"text-align: left; width: 194px;\">DRA. LILIANA GOMEZ<\/td>\n<td style=\"text-align: center; width: 192.984px;\">DRA. ALICIA DE FALCO<\/td>\n<\/tr>\n<tr>\n<td style=\"text-align: left; width: 194px;\">DRA. SILVIA GONZ\u00c1LEZ AYALA<\/td>\n<td style=\"text-align: center; width: 192.984px;\"><\/td>\n<\/tr>\n<\/tbody>\n<\/table>\n<p><strong><u>ASESOR ACADEMICO<\/u><\/strong><strong>:<\/strong> DR. CARLOS SCAFFIDI<\/p>\n<p>[\/et_pb_text][et_pb_divider _builder_version=\u00bb4.16&#8243; custom_margin=\u00bb3px|||||\u00bb custom_padding=\u00bb0px|||||\u00bb border_color_all=\u00bb#ffffff\u00bb border_color_bottom=\u00bbrgba(255,255,255,0.23)\u00bb global_colors_info=\u00bb{}\u00bb][\/et_pb_divider][et_pb_text _builder_version=\u00bb4.16&#8243; custom_margin=\u00bb|||17px||\u00bb global_colors_info=\u00bb{}\u00bb]<\/p>\n<h3>ESEM &#8211; Asesor Pedag\u00f3gico<\/h3>\n<p>&nbsp;<\/p>\n<p><span style=\"font-size: 14px;\"><\/span><\/p>\n<table style=\"border: none;\">\n<tbody>\n<tr>\n<td style=\"text-align: left;\">Dr. BASUALDO FARJAT JUAN ANGEL<\/td>\n<td style=\"text-align: center;\"><\/td>\n<td style=\"text-align: right;\"><\/td>\n<\/tr>\n<\/tbody>\n<\/table>\n<p>[\/et_pb_text][et_pb_divider _builder_version=\u00bb4.16&#8243; custom_margin=\u00bb3px|||||\u00bb custom_padding=\u00bb0px|||||\u00bb border_color_all=\u00bb#ffffff\u00bb border_color_bottom=\u00bbrgba(255,255,255,0.23)\u00bb global_colors_info=\u00bb{}\u00bb][\/et_pb_divider][et_pb_text _builder_version=\u00bb4.16&#8243; custom_margin=\u00bb|||17px||\u00bb global_colors_info=\u00bb{}\u00bb]<\/p>\n<h3><\/h3>\n<h3>Subcomisi\u00f3n de Responsabilidad Profesional y FAP<\/h3>\n<p><strong>Todos los d\u00edas<\/strong> de 12:30 a 14:30 hs.<br \/>Antes comunicarse al tel. de urgencias 15-454-4337 o a la sede institucional<\/p>\n<p>Int. 17<\/p>\n<table style=\"border: none;\">\n<tbody>\n<tr>\n<td style=\"text-align: left;\">DR. ANDRES LAMOTTA<\/td>\n<td style=\"text-align: center;\">DR. RICARDO BAUDINO<\/td>\n<td style=\"text-align: right;\"><\/td>\n<\/tr>\n<tr>\n<td style=\"text-align: left;\">DR. RAFAEL BORDON CUETO RUA<\/td>\n<td style=\"text-align: center;\"><span style=\"text-align: right;\">DR. RUBEN CASENTINI<\/span><\/td>\n<td style=\"text-align: right;\"><\/td>\n<\/tr>\n<\/tbody>\n<\/table>\n<p><strong>ASESORES:<\/strong><\/p>\n<table style=\"border: none;\">\n<tbody>\n<tr>\n<td style=\"text-align: left;\">DR. MIGUEL A. MALDONADO<\/td>\n<td style=\"text-align: center;\">DR. JUAN AKIMENCO<\/td>\n<td style=\"text-align: right;\"><\/td>\n<\/tr>\n<tr>\n<td style=\"text-align: left;\">DR. JULIO OVIEDO<\/td>\n<td style=\"text-align: center;\"><\/td>\n<td style=\"text-align: right;\"><\/td>\n<\/tr>\n<\/tbody>\n<\/table>\n<p>[\/et_pb_text][et_pb_divider _builder_version=\u00bb4.16&#8243; custom_margin=\u00bb3px|||||\u00bb custom_padding=\u00bb0px|||||\u00bb border_color_all=\u00bb#ffffff\u00bb border_color_bottom=\u00bbrgba(255,255,255,0.23)\u00bb global_colors_info=\u00bb{}\u00bb][\/et_pb_divider][et_pb_text _builder_version=\u00bb4.24.0&#8243; custom_margin=\u00bb|||17px||\u00bb global_colors_info=\u00bb{}\u00bb]<\/p>\n<h3>Subcomisi\u00f3n de Bio\u00e9tica<\/h3>\n<p><strong>VIERNES<\/strong> DE 13:00 A 15:30 hs. (Horario a confirmar)<\/p>\n<p><span style=\"font-size: 14px;\"><\/span><\/p>\n<table style=\"border: none; height: 82px;\">\n<tbody>\n<tr style=\"height: 72px;\">\n<td style=\"text-align: left; height: 72px; width: 106.234px;\">DR. SEBASTI\u00c1N OTERO<\/td>\n<td style=\"text-align: center; height: 72px; width: 116.656px;\">DR. ALEJANDRO BAGATO<\/td>\n<td style=\"text-align: right; height: 72px; width: 100.109px;\">DRA. CAROLINA PIRIS<\/td>\n<\/tr>\n<\/tbody>\n<\/table>\n<p>[\/et_pb_text][et_pb_divider _builder_version=\u00bb4.16&#8243; custom_margin=\u00bb3px|||||\u00bb custom_padding=\u00bb0px|||||\u00bb border_color_all=\u00bb#ffffff\u00bb border_color_bottom=\u00bbrgba(255,255,255,0.23)\u00bb global_colors_info=\u00bb{}\u00bb][\/et_pb_divider][et_pb_text _builder_version=\u00bb4.16&#8243; custom_margin=\u00bb|||17px||\u00bb global_colors_info=\u00bb{}\u00bb]<\/p>\n<h3>Subcomisi\u00f3n de Cultura<\/h3>\n<p>&nbsp;<\/p>\n<p><span style=\"font-size: 14px;\"><\/span><\/p>\n<table style=\"border: none;\">\n<tbody>\n<tr>\n<td style=\"text-align: left;\">DR. RUBEN A. STORINO<\/td>\n<td style=\"text-align: center;\">DR. DANIEL LANZA<\/td>\n<td style=\"text-align: right;\">DR. GUILLERMO CHIACCHIO<\/td>\n<\/tr>\n<tr>\n<td style=\"text-align: left;\">DR. NESTOR DE LA TORRE<\/td>\n<td style=\"text-align: center;\"><\/td>\n<td style=\"text-align: right;\"><\/td>\n<\/tr>\n<\/tbody>\n<\/table>\n<p>[\/et_pb_text][et_pb_divider _builder_version=\u00bb4.16&#8243; custom_margin=\u00bb3px|||||\u00bb custom_padding=\u00bb0px|||||\u00bb border_color_all=\u00bb#ffffff\u00bb border_color_bottom=\u00bbrgba(255,255,255,0.23)\u00bb global_colors_info=\u00bb{}\u00bb][\/et_pb_divider][et_pb_text _builder_version=\u00bb4.16&#8243; custom_margin=\u00bb|||17px||\u00bb global_colors_info=\u00bb{}\u00bb]<\/p>\n<h3>Comit\u00e9 Honorifico de Ex Presidentes<\/h3>\n<p>&nbsp;<\/p>\n<p><span style=\"font-size: 14px;\"><\/span><\/p>\n<table style=\"border: none;\">\n<tbody>\n<tr>\n<td style=\"text-align: left;\">DR. OSVALDO H. MAMMONI<\/td>\n<td style=\"text-align: left;\">DR. ANDR\u00c9S E. TOUCEDA<\/td>\n<\/tr>\n<tr>\n<td style=\"text-align: left;\">DR. ENRIQUE MALLO<\/td>\n<td style=\"text-align: left;\">DR. RODOLFO H\u00c9CTOR FABRIS<\/td>\n<\/tr>\n<tr>\n<td style=\"text-align: left;\">DR. LUIS H. PEDEMONTE<\/td>\n<td style=\"text-align: left;\">DR. GERARDO JAVIER BONTEMPI<\/td>\n<\/tr>\n<tr>\n<td style=\"text-align: left;\">DR. ATILIO ABBIATI<\/td>\n<td style=\"text-align: left;\">DR. MARCOS DAVID OSTROFSKY<\/td>\n<\/tr>\n<tr>\n<td style=\"text-align: left;\">DR. RUB\u00c9N A. ADAM<\/td>\n<td style=\"text-align: left;\">DR. RA\u00daL AM\u00c9RICO VALENTE<\/td>\n<\/tr>\n<tr>\n<td style=\"text-align: left;\">DR. LUIS J. COUYET<\/td>\n<td style=\"text-align: left;\">DR. CARLOS ROBERTO MACERONI<\/td>\n<\/tr>\n<tr>\n<td style=\"text-align: left;\">DR. ALBERTO SPINELLI<\/td>\n<td style=\"text-align: left;\">DR. JORGE ALBERTO MAZZONE<\/td>\n<\/tr>\n<tr>\n<td style=\"text-align: left;\">DR. MIGUEL ANGEL MALDONADO<\/td>\n<td style=\"text-align: left;\">DR. RICARDO JUAN MARCHETTI<\/td>\n<\/tr>\n<tr>\n<td style=\"text-align: left;\">DR. PABLO CARLOS MARINUCCI<\/td>\n<td style=\"text-align: center;\"><\/td>\n<\/tr>\n<\/tbody>\n<\/table>\n<p>[\/et_pb_text][et_pb_divider _builder_version=\u00bb4.16&#8243; custom_margin=\u00bb3px|||||\u00bb custom_padding=\u00bb0px|||||\u00bb border_color_all=\u00bb#ffffff\u00bb border_color_bottom=\u00bbrgba(255,255,255,0.23)\u00bb global_colors_info=\u00bb{}\u00bb][\/et_pb_divider][et_pb_text _builder_version=\u00bb4.24.0&#8243; custom_margin=\u00bb|||17px||\u00bb global_colors_info=\u00bb{}\u00bb]<\/p>\n<h3>Comisi\u00f3n de Relaciones Interinstitucionales<\/h3>\n<p><strong>Lunes y Mi\u00e9rcoles<\/strong> de 12:00 a 15:00 hs.<\/p>\n<p>&nbsp;<\/p>\n<table style=\"border: none;\">\n<tbody>\n<tr>\n<td style=\"text-align: left;\">DR. ALFREDO ALE<\/td>\n<td style=\"text-align: center;\">DR. EDUARDO MARTIARENA<\/td>\n<td style=\"text-align: right;\"><\/td>\n<\/tr>\n<tr>\n<td style=\"text-align: left;\">DRA. EUGENIA ALTAMIRANO<\/td>\n<td style=\"text-align: center;\"><\/td>\n<td style=\"text-align: right;\"><\/td>\n<\/tr>\n<\/tbody>\n<\/table>\n<p>[\/et_pb_text][et_pb_divider _builder_version=\u00bb4.16&#8243; custom_margin=\u00bb3px|||||\u00bb custom_padding=\u00bb0px|||||\u00bb border_color_all=\u00bb#ffffff\u00bb border_color_bottom=\u00bbrgba(255,255,255,0.23)\u00bb global_colors_info=\u00bb{}\u00bb][\/et_pb_divider][et_pb_text _builder_version=\u00bb4.24.0&#8243; custom_margin=\u00bb|||17px||\u00bb global_colors_info=\u00bb{}\u00bb]<\/p>\n<h3><\/h3>\n<h3><\/h3>\n<h3>Subcomisi\u00f3n de Violencia Laboral y de G\u00e9nero<\/h3>\n<p>&nbsp;<\/p>\n<table style=\"border: none;\">\n<tbody>\n<tr>\n<td style=\"text-align: left;\">DR. MART\u00cdN PEPE<\/td>\n<td style=\"text-align: center;\">DR. GONZALO HERN\u00c1NDEZ<\/td>\n<td style=\"text-align: right;\"><\/td>\n<\/tr>\n<\/tbody>\n<\/table>\n<p>[\/et_pb_text][\/et_pb_column][et_pb_column type=\u00bb1_4&#8243; _builder_version=\u00bb4.16&#8243; background_color=\u00bbrgba(0,0,0,0)\u00bb custom_padding=\u00bb18px|18px|30px|18px|false|false\u00bb global_colors_info=\u00bb{}\u00bb][et_pb_sidebar _builder_version=\u00bb4.16&#8243; global_colors_info=\u00bb{}\u00bb][\/et_pb_sidebar][\/et_pb_column][\/et_pb_row][\/et_pb_section]<\/p>\n","protected":false},"excerpt":{"rendered":"<p>Listado de ComisionesComisi\u00f3n de Especializaciones M\u00e9dicas LUNES, MI\u00c9RCOLES Y VIERNES: 13:00 a 15:00 hs. MARTES Y JUEVES :\u00a0 9:00 a 12:00 hs. Int. 20 DR. ORLANDO CASTRO DR. DANIEL BERGNA DRA. ADELAIDA SORIA DR. PEDRO QUIETO DR. CARLOS ECHEVERR\u00cdA DRA. ALEJANDRA GROBLY DR. WALTER ANTONIO COLIANDRO Comit\u00e9 Cient\u00edfico MI\u00c9RCOLES Y VIERNES:\u00a013:00 a 15:00 hs Int. [&hellip;]<\/p>\n","protected":false},"author":1,"featured_media":0,"parent":0,"menu_order":0,"comment_status":"closed","ping_status":"closed","template":"","meta":{"_et_pb_use_builder":"on","_et_pb_old_content":"","_et_gb_content_width":"","inline_featured_image":false,"footnotes":""},"class_list":["post-732","page","type-page","status-publish","hentry"],"_links":{"self":[{"href":"https:\/\/colmed1.org.ar\/web\/index.php\/wp-json\/wp\/v2\/pages\/732","targetHints":{"allow":["GET"]}}],"collection":[{"href":"https:\/\/colmed1.org.ar\/web\/index.php\/wp-json\/wp\/v2\/pages"}],"about":[{"href":"https:\/\/colmed1.org.ar\/web\/index.php\/wp-json\/wp\/v2\/types\/page"}],"author":[{"embeddable":true,"href":"https:\/\/colmed1.org.ar\/web\/index.php\/wp-json\/wp\/v2\/users\/1"}],"replies":[{"embeddable":true,"href":"https:\/\/colmed1.org.ar\/web\/index.php\/wp-json\/wp\/v2\/comments?post=732"}],"version-history":[{"count":79,"href":"https:\/\/colmed1.org.ar\/web\/index.php\/wp-json\/wp\/v2\/pages\/732\/revisions"}],"predecessor-version":[{"id":4815,"href":"https:\/\/colmed1.org.ar\/web\/index.php\/wp-json\/wp\/v2\/pages\/732\/revisions\/4815"}],"wp:attachment":[{"href":"https:\/\/colmed1.org.ar\/web\/index.php\/wp-json\/wp\/v2\/media?parent=732"}],"curies":[{"name":"wp","href":"https:\/\/api.w.org\/{rel}","templated":true}]}}